{"id":35804,"date":"2022-04-27T16:23:27","date_gmt":"2022-04-27T14:23:27","guid":{"rendered":"https:\/\/p-kbkup1.project.space\/datenschutz"},"modified":"2023-11-24T12:14:22","modified_gmt":"2023-11-24T11:14:22","slug":"datenschutz","status":"publish","type":"page","link":"https:\/\/www.bestplace-spanien.com\/pl\/datenschutz","title":{"rendered":"Datenschutz"},"content":{"rendered":"\t\t<div data-elementor-type=\"wp-page\" data-elementor-id=\"35804\" class=\"elementor elementor-35804 elementor-17909\" data-elementor-post-type=\"page\">\n\t\t\t\t\t\t<section class=\"elementor-section elementor-top-section elementor-element elementor-element-16ac3fa elementor-section-height-min-height elementor-section-boxed elementor-section-height-default elementor-section-items-middle\" data-id=\"16ac3fa\" data-element_type=\"section\" data-settings=\"{&quot;background_background&quot;:&quot;classic&quot;}\">\n\t\t\t\t\t\t<div class=\"elementor-container elementor-column-gap-default\">\n\t\t\t\t\t<div class=\"elementor-column elementor-col-100 elementor-top-column elementor-element elementor-element-f82d513\" data-id=\"f82d513\" data-element_type=\"column\">\n\t\t\t<div class=\"elementor-widget-wrap elementor-element-populated\">\n\t\t\t\t\t\t<div class=\"elementor-element elementor-element-5249e70 elementor-widget elementor-widget-heading\" data-id=\"5249e70\" data-element_type=\"widget\" data-widget_type=\"heading.default\">\n\t\t\t\t<div class=\"elementor-widget-container\">\n\t\t\t<h1 class=\"elementor-heading-title elementor-size-default\">DATENSCHUTZ<\/h1>\t\t<\/div>\n\t\t\t\t<\/div>\n\t\t\t\t\t<\/div>\n\t\t<\/div>\n\t\t\t\t\t<\/div>\n\t\t<\/section>\n\t\t\t\t<section class=\"elementor-section elementor-top-section elementor-element elementor-element-61f904d elementor-section-boxed elementor-section-height-default elementor-section-height-default\" data-id=\"61f904d\" data-element_type=\"section\" data-settings=\"{&quot;background_background&quot;:&quot;classic&quot;}\">\n\t\t\t\t\t\t<div class=\"elementor-container elementor-column-gap-default\">\n\t\t\t\t\t<div class=\"elementor-column elementor-col-100 elementor-top-column elementor-element elementor-element-b141418\" data-id=\"b141418\" data-element_type=\"column\" data-settings=\"{&quot;background_background&quot;:&quot;classic&quot;}\">\n\t\t\t<div class=\"elementor-widget-wrap elementor-element-populated\">\n\t\t\t\t\t\t<div class=\"elementor-element elementor-element-c02a394 elementor-widget elementor-widget-text-editor\" data-id=\"c02a394\" data-element_type=\"widget\" data-widget_type=\"text-editor.default\">\n\t\t\t\t<div class=\"elementor-widget-container\">\n\t\t\t\t\t\t\t<h5>Datenschutzerkl\u00e4rung zu der Verarbeitung von Daten\ngem\u00e4\u00df Art. 13 EU-Datenschutzgrundverordnung (Stand 01.06.2022)<\/h5>\nWir freuen uns, dass Sie unsere Website besuchen. Der Schutz und die Sicherheit Ihrer pers\u00f6nlichen Informationen bei der Nutzung unserer Website ist f\u00fcr uns sehr wichtig. Wir m\u00f6chten Sie daher an dieser Stelle dar\u00fcber informieren, welche Ihrer personenbezogenen Daten wir beim Besuch unserer Website erfassen und f\u00fcr welche Zwecke diese verwendet werden.\n\nDiese Datenschutzerkl\u00e4rung gilt f\u00fcr das Internetangebot der Best Place Immobilien GmbH &amp; Co. KG, welches unter der Domain www.bestplace-immobilien.de sowie den verschiedenen Subdomains (\u201eunsere Website\u201c) erreichbar ist.\n<h5>Wer ist verantwortlich und wie erreiche ich Sie?<\/h5>\nVerantwortlicher f\u00fcr die Verarbeitung personenbezogener Daten im Sinne der EU-Datenschutz-Grundverordnung (DSGVO)\n\nBest Place Immobilien GmbH &amp; Co. KG\n\nUnter den Linden 39\n\n10117 Berlin\n\nwww.bestplace-immobilien.de\n\n(Die vollst\u00e4ndigen Kontaktangaben und Angaben zur Vertretungsberechtigung finden Sie in unserem Impressum auf dieser Webseite)\n\nDatenschutzbeauftragte\/r\n\nSven Johns \u00fcber die Johns Datenschutz GmbH\n\nAn der Kolonnade 11\n\n10117 Berlin\n\noffice@datenschutz.immobilien\n<h5>Worum geht es?<\/h5>\nDiese Datenschutzerkl\u00e4rung erf\u00fcllt die gesetzlichen Anforderungen an die Transparenz bei der Verarbeitung personenbezogener Daten. Dies sind alle Informationen, die sich auf eine identifizierte oder identifizierbare nat\u00fcrliche Person beziehen. Hierzu geh\u00f6ren beispielsweise Informationen wie Ihr Name, Ihr Alter, Ihre Anschrift, Ihre Telefonnummer, Ihr Geburtsdatum, Ihre E-Mail-Adresse, Ihre IP-Adresse oder das Nutzerverhalten beim Besuch einer Website. Informationen, bei denen wir keinen (oder nur mit einem unverh\u00e4ltnism\u00e4\u00dfigen Aufwand) Bezug zu Ihrer Person herstellen k\u00f6nnen, z.B. durch Anonymisierung, sind keine personenbezogenen Daten. Die Verarbeitung von personenbezogenen Daten (bspw. das Erheben, das Abfragen, die Verwendung, die Speicherung oder die \u00dcbermittlung) bedarf immer einer gesetzlichen Grundlage und eines definierten Zwecks.\n\nGespeicherte personenbezogene Daten werden gel\u00f6scht, sobald der Zweck der Verarbeitung erreicht wurde und es keine rechtm\u00e4\u00dfigen Gr\u00fcnde f\u00fcr eine weitere Aufbewahrung der Daten gibt. Wir informieren Sie in den einzelnen Verarbeitungsvorg\u00e4ngen \u00fcber die konkreten Speicherfristen bzw. Kriterien f\u00fcr die Speicherung. Unabh\u00e4ngig davon, speichern wir Ihre personenbezogenen in Einzelf\u00e4llen zur Geltendmachung, Aus\u00fcbung oder Verteidigung von Rechtsanspr\u00fcchen und bei Vorliegen gesetzlicher Aufbewahrungspflichten.\n<h5>Wer bekommt meine Daten?<\/h5>\nWir geben Ihre personenbezogenen Daten, die wir auf unserer Website verarbeiten nur dann an Dritte weiter, wenn dies f\u00fcr die Erf\u00fcllung der Zwecke erforderlich ist und im Einzelfall von der Rechtsgrundlage (z.B. Einwilligung oder Wahrung berechtigter Interessen) erfasst ist. Dar\u00fcber hinaus geben wir im Einzelfall personenbezogene Daten an Dritte weiter, wenn dies der Geltendmachung, Aus\u00fcbung oder Verteidigung von Rechtsanspr\u00fcchen dient. M\u00f6gliche Empf\u00e4nger k\u00f6nnen dann z.B. Strafverfolgungsbeh\u00f6rden, Rechtsanw\u00e4lte, Wirtschaftspr\u00fcfer, Gerichte usw. sein.\n\nSoweit wir f\u00fcr den Betrieb unserer Website Dienstleister einsetzen, die im Rahmen einer Auftragsverarbeitung in unserem Auftrag personenbezogene Daten gem. Art. 28 DSGVO verarbeiten, k\u00f6nnen diese Empf\u00e4nger Ihrer personenbezogenen Daten sein. N\u00e4here Informationen zum Einsatz von Auftragsverarbeitern sowie von Webdiensten erhalten Sie in der \u00dcbersicht der einzelnen Verarbeitungsvorg\u00e4nge.\n<h5>Setzen Sie Cookies ein?<\/h5>\nCookies sind kleine Textdateien, die im Rahmen Ihres Besuchs unserer Internetseiten von uns an den Browser Ihres Endger\u00e4ts gesendet und dort gespeichert werden. Alternativ zum Einsatz von Cookies k\u00f6nnen Informationen auch im lokalen Speicher (local storage) Ihres Browsers gespeichert werden. Einige Funktionen unserer Internetseite k\u00f6nnen ohne den Einsatz von Cookies bzw. local storage nicht angeboten werden (technisch notwendige Cookies). Andere Cookies erm\u00f6glichen uns hingegen verschiedene Analysen, sodass wir beispielsweise in der Lage sind, den von Ihnen verwendeten Browser bei einem erneuten Besuch unserer Webseite wiederzuerkennen und verschiedene Informationen an uns zu \u00fcbermitteln (nicht notwendige Cookies). Mithilfe von Cookies k\u00f6nnen wir unter anderem unser Internetangebot f\u00fcr Sie nutzerfreundlicher und effektiver gestalten, indem wir etwa Ihre Nutzung unserer Website nachvollziehen und Ihre bevorzugten Einstellungen (bspw. L\u00e4nder- und Spracheneinstellungen) feststellen. Sofern Dritte \u00fcber Cookies Informationen verarbeiten, erheben diese die Informationen direkt \u00fcber Ihren Browser. Cookies richten auf Ihrem Endger\u00e4t keinen Schaden an. Sie k\u00f6nnen keine Programme ausf\u00fchren und keine Viren enthalten.\n\n\u00dcber die jeweiligen Dienste, f\u00fcr die wir Cookies einsetzen, informieren wir in den einzelnen Verarbeitungsvorg\u00e4ngen. Ausf\u00fchrliche Informationen zu den eingesetzten Cookies finden Sie in den Cookie-Einstellungen oder im Consent Manager dieser Website.\n<script id=\"CookieDeclaration\" src=\"https:\/\/consent.cookiebot.com\/dd1db42e-11b8-4bef-b746-cff9f33651cb\/cd.js\" type=\"text\/javascript\" async><\/script>\n<h5>Welche Rechte habe ich?<\/h5>\nUnter den Voraussetzungen der gesetzlichen Vorschriften der Datenschutz-Grundverordnung (DSGVO) haben Sie als betroffene Person folgende Rechte:\n\n* Auskunft gem. Art. 15 DSGVO \u00fcber die zu Ihrer Person gespeicherten Daten in Form von aussagekr\u00e4ftigen Informationen zu den Einzelheiten der Verarbeitung sowie eine Kopie Ihrer Daten;\n\n* Berichtigung gem. Art. 16 DSGVO von unrichtigen oder unvollst\u00e4ndigen Daten, die bei uns gespeichert sind;\n\n* L\u00f6schung gem. Art. 17 DSGVO der bei uns gespeicherten Daten, soweit die Verarbeitung nicht zur Aus\u00fcbung des Rechts auf freie Meinungs\u00e4u\u00dferung und Information, zur Erf\u00fcllung einer rechtlichen Verpflichtung, aus Gr\u00fcnden des \u00f6ffentlichen Interesses oder zur Geltendmachung, Aus\u00fcbung oder Verteidigung von Rechtsanspr\u00fcchen erforderlich ist;\n\n* Einschr\u00e4nkung der Verarbeitung gem. Art. 18 DSGVO, soweit die Richtigkeit der Daten bestritten wird, die Verarbeitung unrechtm\u00e4\u00dfig ist, wir die Daten nicht mehr ben\u00f6tigen und Sie deren L\u00f6schung ablehnen, weil Sie diese zur Geltendmachung, Aus\u00fcbung oder Verteidigung von Rechtsanspr\u00fcchen ben\u00f6tigen oder Sie Widerspruch gegen die Verarbeitung gem. Art. 21 DSGVO erhoben haben.\n\n* Daten\u00fcbertragbarkeit gem. Art. 20 DSGVO, soweit Sie uns personenbezogene Daten im Rahmen einer Einwilligung gem. Art. 6 Abs. 1 lit. a DSGVO oder auf Grundlage eines Vertrages gem. Art. 6 Abs. 1 lit. b DSGVO bereitgestellt haben und diese durch uns mithilfe automatisierter Verfahren verarbeitet wurden. Sie erhalten Ihre Daten in einem strukturierten, g\u00e4ngigen und maschinenlesbaren Format bzw. wir \u00fcbermitteln die Daten direkt an einen anderen Verantwortlichen, soweit dies technisch machbar ist.\n\n* Widerspruch gem. Art. 21 DSGVO gegen die Verarbeitung Ihrer personenbezogenen Daten, soweit diese auf Grundlage des Art. 6 Abs. 1 lit. e, f DSGVO erfolgt und daf\u00fcr Gr\u00fcnde vorliegen, die sich aus Ihrer besonderen Situation ergeben oder sich der Widerspruch gegen Direktwerbung richtet. Das Recht auf Widerspruch besteht nicht, wenn \u00fcberwiegende, zwingende schutzw\u00fcrdige Gr\u00fcnde f\u00fcr die Verarbeitung nachgewiesen werden oder die Verarbeitung zur Geltendmachung, Aus\u00fcbung oder Verteidigung von Rechtsanspr\u00fcchen erfolgt. Soweit das Recht auf Widerspruch bei einzelnen Verarbeitungsvorg\u00e4ngen nicht besteht, ist dies dort angegeben.\n\n* Widerruf gem. Art. 7 Abs. 3 DSGVO Ihrer erteilten Einwilligung mit Wirkung f\u00fcr die Zukunft.\n\n* Beschwerde gem. Art. 77 DSGVO bei einer Aufsichtsbeh\u00f6rde, wenn Sie der Ansicht sind, die Verarbeitung Ihrer personenbezogenen Daten verst\u00f6\u00dft gegen die DSGVO. In der Regel k\u00f6nnen Sie sich an die Aufsichtsbeh\u00f6rde Ihres \u00fcblichen Aufenthaltsortes, Ihres Arbeitsplatzes oder unseres Unternehmenssitzes wenden.\n<h5><strong>Wie werden meine Daten im Einzelnen verarbeitet?<\/strong><\/h5>\nNachfolgend informieren wir Sie \u00fcber die einzelnen Verarbeitungsvorg\u00e4nge, den Umfang und den Zweck der Datenverarbeitung, die Rechtsgrundlage, die Pflicht zur Bereitstellung Ihrer Daten und die jeweilige Speicherdauer. Eine automatisierte Entscheidung im Einzelfall, einschlie\u00dflich Profiling findet nicht statt.\n<h5>Bereitstellung der Website<\/h5>\n<strong>Art und Umfang der Verarbeitung<\/strong>\n\nBei Aufruf und Nutzung unserer Website erheben wir die personenbezogenen Daten, die Ihr Browser automatisch an unseren Server \u00fcbermittelt. Die folgenden Informationen werden tempor\u00e4r in einem sog. Logfile gespeichert:\n\n* IP-Adresse des anfragenden Rechners\n\n* Datum und Uhrzeit des Zugriffs\n\n* Name und URL der abgerufenen Datei\n\n* Website, von der aus der Zugriff erfolgt (Referrer-URL)\n\n* Verwendeter Browser und ggf. das Betriebssystem Ihres Rechners, sowie der Name Ihres Access-Providers\n\nUnsere Website wird nicht von uns selbst gehostet, sondern bei einem Dienstleister, der f\u00fcr den Zweck der die zuvor genannten Daten in unserem Auftrag gem. Art. 28 DSGVO verarbeitet.\n\n<strong>Zweck und Rechtsgrundlage<\/strong>\n\nDie Verarbeitung erfolgt zur Wahrung unseres \u00fcberwiegenden berechtigten Interesses zur Anzeige unserer Website und Gew\u00e4hrleistung der Sicherheit und Stabilit\u00e4t auf Grundlage des Art. 6 Abs. lit. f DSGVO. Die Erfassung der Daten und die Speicherung in Logfiles ist f\u00fcr den Betrieb der Website zwingend erforderlich. Ein Widerspruchsrecht gegen die Verarbeitung besteht aufgrund der Ausnahme nach Art. 21 Abs. 1 DSGVO nicht. Soweit die weitergehende Speicherung der Logfiles gesetzlich vorgeschrieben ist, erfolgt die Verarbeitung auf Grundlage des Art. 6 Abs. 1 lit. c DSGVO. Es besteht keine gesetzliche oder vertragliche Pflicht zur Bereitstellung der Daten, allerdings ist der Aufruf unserer Website ohne Bereitstellung der Daten technisch nicht m\u00f6glich.\n\n<strong>Speicherdauer<\/strong>\n\nDie vorgenannten Daten werden f\u00fcr die Dauer der Anzeige der Website [sowie aus technischen Gr\u00fcnden dar\u00fcber hinaus f\u00fcr maximal [7 Tage]] gespeichert.\n<h5>Kontaktformular<\/h5>\n<strong>Art und Umfang der Verarbeitung<\/strong>\n\nAuf unserer Webseite bieten wir Ihnen an, \u00fcber ein bereitgestelltes Formular mit uns in Kontakt zu treten. Die Informationen, die \u00fcber Pflichtfelder erhoben werden, sind erforderlich um die Anfrage bearbeiten zu k\u00f6nnen. Dar\u00fcber hinaus k\u00f6nnen Sie freiwillig zus\u00e4tzliche Informationen bereitstellen, die aus Ihrer Sicht f\u00fcr die Bearbeitung der Kontaktanfrage notwendig sind.\n\nBei der Nutzung des Kontaktformulars erfolgt keine Weitergabe Ihrer personenbezogenen Daten an Dritte.\n\n<strong>Zweck und Rechtsgrundlage<\/strong>\n\nDie Verarbeitung Ihrer Daten durch Nutzung unseres Kontaktformulars erfolgt zum Zweck der Kommunikation und Bearbeitung Ihrer Anfrage auf Grundlage Ihrer Einwilligung gem. Art. 6 Abs. 1 lit. a DSGVO. Soweit sich Ihre Anfrage auf ein bestehendes Vertragsverh\u00e4ltnis mit uns bezieht, erfolgt die Verarbeitung zum Zweck der Vertragserf\u00fcllung auf Grundlage des Art. 6 Abs. 1 lit. b DSGVO. Es besteht keine gesetzliche oder vertragliche Pflicht zur Bereitstellung Ihrer Daten, jedoch ist die Bearbeitung Ihrer Anfrage ohne die Bereitstellung der Informationen der Pflichtfelder nicht m\u00f6glich. Soweit Sie diese Daten nicht bereitstellen m\u00f6chten, kontaktieren Sie uns bitte mit anderen Mitteln.\n\n<strong>Speicherdauer<\/strong>\n\nSoweit Sie das Kontaktformular auf Grundlage Ihrer Einwilligung verwenden, speichern wir die erhobenen Daten jeder Anfrage f\u00fcr die Dauer von drei Jahren, beginnend mit der Erledigung Ihrer Anfrage oder bis zum Widerruf Ihrer Einwilligung.\n\nSollten Sie das Kontaktformular im Rahmen einer vertraglichen Beziehung nutzen, speichern wir die erhobenen Daten jeder Anfrage f\u00fcr die Dauer von bis zu sechs Jahren ab Ende des Vertragsverh\u00e4ltnisses.\n<h5>Newsletter<\/h5>\n<strong>Art und Umfang der Verarbeitung<\/strong>\n\nSofern Sie sich auf unserer Website zum Empfang unseres Newsletters anmelden, erheben wir Ihre E-Mail-Adresse sowie die weiteren gegebenen Angaben und speichern diese Informationen zusammen mit dem Datum der Anmeldung und Ihrer IP-Adresse. Im Anschluss erhalten Sie eine E-Mail, in der Sie die Anmeldung zum Newsletter best\u00e4tigen m\u00fcssen (Double-Opt-in). Sollten Sie nicht innerhalb von 72 Stunden die Anmeldung best\u00e4tigen, verf\u00e4llt diese automatisch und die Daten werden nicht f\u00fcr den Newsletterversand verarbeitet.\n\nZum Versand des Newsletters nutzen wir einen externen Service, der Ihre personenbezogenen Daten in unserem Auftrag gem. Art. 28 DSGVO verarbeitet. Eine Weitergabe Ihrer Daten an Dritte erfolgt nicht.\n\n<strong>Zweck und Rechtsgrundlage<\/strong>\n\nWir verarbeiten Ihre Daten zum Zweck des Newsletterversands auf Grundlage Ihrer Einwilligung gem. Art. 6 Abs. 1 lit. a DSGVO. Durch Abmeldung vom Newsletter k\u00f6nnen Sie jederzeit mit Wirkung f\u00fcr die Zukunft Ihren Widerruf gem. Art. 7 Abs. 3 DSGVO erkl\u00e4ren. Es besteht keine gesetzliche oder vertragliche Pflicht zur Bereitstellung Ihrer Daten, jedoch ist ein Versand des Newsletters ohne die Bereitstellung Ihrer Daten nicht m\u00f6glich.\n\n<strong>Speicherdauer<\/strong>\n\nNach Anmeldung zum Newsletter speichern wir die Daten maximal [48 Stunden] bis zur Best\u00e4tigung der Anmeldung. Nach erfolgreicher Best\u00e4tigung speichern wir Ihre Daten bis zum Widerruf Ihrer Einwilligung (Abmeldung vom Newsletter) [sowie aus technischen Gr\u00fcnden dar\u00fcber hinaus maximal [7 Tage].]\n<h5>Bing Ads<\/h5>\n<strong>Art und Umfang der Verarbeitung<\/strong>\n\nWir haben auf unserer Website Bing Ads integriert. Bing Ads ist ein Dienst von Microsoft Corporation, um Nutzern zielgerichtet Werbung anzuzeigen. Bing Ads nutzt Cookies und weitere Browser-Technologien um Nutzerverhalten auszuwerten und Nutzer wiederzuerkennen.\n\nBing Ads sammelt Informationen \u00fcber das Besucherverhalten auf verschiedenen Websites. Diese Informationen werden verwendet, um die Relevanz der Werbung zu optimieren. Des Weiteren liefert Bing Ads gezielt Werbung auf der Grundlage von Verhaltensprofilen und geografischer Lage. Dem Anbieter werden Ihre IP-Adresse und weitere Identifikationsmerkmale wie Ihr User-Agent \u00fcbermittelt.\n\nDie Weitergabe Ihrer Daten erfolgt in diesem Fall an den Betreiber von Bing Ads, die Microsoft Corporation, One Microsoft Way Redmond, WA 98052-6399, United States.\n\n<strong>Zweck und Rechtsgrundlage<\/strong>\n\nWir verarbeiten Ihre Daten mit Hilfe von Bing Ads zum Zweck der Optimierung unserer Website und f\u00fcr Marketingzwecke auf Grundlage Ihrer Einwilligung gem. Art. 6 Abs. 1 lit. a. DSGVO.\n\n<strong>Speicherdauer<\/strong>\n\nDie konkrete Speicherdauer der verarbeiteten Daten ist nicht durch uns beeinflussbar, sondern wird von Microsoft Corporation bestimmt. Weitere Hinweise finden Sie in der Datenschutzerkl\u00e4rung f\u00fcr Bing Ads: https:\/\/privacy.microsoft.com\/de-de\/privacystatement.\n<h5>Bing Pixel<\/h5>\n<strong>Art und Umfang der Verarbeitung<\/strong>\n\nWir verwenden Bing Pixel von Microsoft Corporation, One Microsoft Way Redmond, WA 98052-6399, United States, um sogenannte Custom Audiences zu erstellen, also Besuchergruppen unseres Onlineangebotes zu segmentieren, Conversion-Rates zu ermitteln und diese anschlie\u00dfend zu optimieren. Dies geschieht insbesondere dann, wenn Sie mit Werbeanzeigen, die wir mit Microsoft Corporation geschaltet haben, interagieren.\n\n<strong>Zweck und Rechtsgrundlage<\/strong>\n\nWir verarbeiten Ihre Daten mit Hilfe von Bing Pixel zum Zweck der Optimierung unserer Website und f\u00fcr Marketingzwecke auf Grundlage Ihrer Einwilligung gem. Art. 6 Abs. 1 lit. a. DSGVO.\n\n<strong>Speicherdauer<\/strong>\n\nDie konkrete Speicherdauer der verarbeiteten Daten ist nicht durch uns beeinflussbar, sondern wird von Microsoft Corporation bestimmt. Weitere Hinweise finden Sie in der Datenschutzerkl\u00e4rung f\u00fcr Bing Pixel: https:\/\/privacy.microsoft.com\/en-us\/privacystatement.\n<h5>Clarity<\/h5>\n<strong>Art und Umfang der Verarbeitung<\/strong>\n\nWir haben auf unserer Website Clarity integriert. Clarity ist ein Dienst der Microsoft Corporation und bietet Optimierungswerkzeuge, die das Verhalten und das Feedback von Benutzern unserer Website durch Analyse- und Feedback-Tools analysieren.\n\nClarity nutzt Cookies und weitere Browser-Technologien um Nutzerverhalten auszuwerten und Nutzer wiederzuerkennen.\n\nDiese Informationen werden unter anderem genutzt, um Berichte \u00fcber die Aktivit\u00e4t der Website zusammenzustellen und Besucherdaten statistisch auszuwerten. Desweiteren zeichnet Clarity Klicks, Mausbewegungen und Scrollh\u00f6hen auf, um sogenannte Heatmaps und Session-Replays zu erstellen.\n\nDie Weitergabe Ihrer Daten erfolgt in diesem Fall an den Betreiber von Clarity, die Microsoft Corporation, One Microsoft Way Redmond, WA 98052-6399, United States.\n\n<strong>Zweck und Rechtsgrundlage<\/strong>\n\nWir verarbeiten Ihre Daten mit Hilfe von Clarity zum Zweck der Optimierung unserer Website und f\u00fcr Marketingzwecke auf Grundlage Ihrer Einwilligung gem. Art. 6 Abs. 1 lit. a. DSGVO.\n\n<strong>Speicherdauer<\/strong>\n\nDie konkrete Speicherdauer der verarbeiteten Daten ist nicht durch uns beeinflussbar, sondern wird von Microsoft Corporation bestimmt. Weitere Hinweise finden Sie in der Datenschutzerkl\u00e4rung f\u00fcr Clarity: https:\/\/privacy.microsoft.com\/en-us\/privacystatement.\n<h5>Facebook CDN<\/h5>\n<strong>Art und Umfang der Verarbeitung<\/strong>\n\nWir verwenden zur ordnungsgem\u00e4\u00dfen Bereitstellung der Inhalte unserer Website Facebook CDN. Facebook CDN ist ein Dienst der Meta Platforms Ireland Limited, welcher auf unserer Website als Content Delivery Network (CDN) fungiert, um die Funktionalit\u00e4t weiterer Dienste der Meta Platforms Ireland Limited zu gew\u00e4hrleisten. F\u00fcr besagte Dienste finden Sie einen separaten Abschnitt in dieser Datenschutzerkl\u00e4rung. In diesem Abschnitt geht es lediglich um die Verwendung des CDN.\n\nEin CDN tr\u00e4gt dazu bei, Inhalte unseres Onlineangebotes, insbesondere Dateien wie Grafiken oder Skripte, mit Hilfe regional oder international verteilter Server schneller bereitzustellen. Wenn Sie auf diese Inhalte zugreifen, stellen Sie eine Verbindung zu Servern der Meta Platforms Ireland Limited, 4 Grand Canal Square, Grand Canal Harbour, Dublin 2, Ireland her, wobei Ihre IP-Adresse und ggf. Browserdaten wie Ihr User-Agent \u00fcbermittelt werden. Diese Daten werden ausschlie\u00dflich zu den oben genannten Zwecken und zur Aufrechterhaltung der Sicherheit und Funktionalit\u00e4t von Facebook CDN verarbeitet.\n\n<strong>Zweck und Rechtsgrundlage<\/strong>\n\nDie Nutzung des Content Delivery Networks erfolgt auf Grundlage unserer berechtigten Interessen, d.h. Interesse an einer sicheren und effizienten Bereitstellung sowie der Optimierung unseres Onlineangebotes gem\u00e4\u00df Art. 6 Abs. 1 lit. f. DSGVO.\n\n<strong>Speicherdauer<\/strong>\n\nDie konkrete Speicherdauer der verarbeiteten Daten ist nicht durch uns beeinflussbar, sondern wird von Meta Platforms Ireland Limited bestimmt. Weitere Hinweise finden Sie in der Datenschutzerkl\u00e4rung f\u00fcr Facebook CDN: https:\/\/www.facebook.com\/privacy\/explanation.\n<h5>Facebook Pixel<\/h5>\n<strong>Art und Umfang der Verarbeitung<\/strong>\n\nWir verwenden Facebook Pixel von Meta Platforms Ireland Limited, 4 Grand Canal Square, Grand Canal Harbour, Dublin 2, Ireland, um sogenannte Custom Audiences zu erstellen, also Besuchergruppen unseres Onlineangebotes zu segmentieren, Conversion-Rates zu ermitteln und diese anschlie\u00dfend zu optimieren. Dies geschieht insbesondere dann, wenn Sie mit Werbeanzeigen, die wir mit Meta Platforms Ireland Limited geschaltet haben, interagieren.\n\n<strong>Zweck und Rechtsgrundlage<\/strong>\n\nWir verarbeiten Ihre Daten mit Hilfe von Facebook Pixel zum Zweck der Optimierung unserer Website und f\u00fcr Marketingzwecke auf Grundlage Ihrer Einwilligung gem. Art. 6 Abs. 1 lit. a. DSGVO.\n\n<strong>Speicherdauer<\/strong>\n\nDie konkrete Speicherdauer der verarbeiteten Daten ist nicht durch uns beeinflussbar, sondern wird von Meta Platforms Ireland Limited bestimmt. Weitere Hinweise finden Sie in der Datenschutzerkl\u00e4rung f\u00fcr Facebook Pixel: https:\/\/www.facebook.com\/privacy\/explanation.\n<h5>Facebook Plugin<\/h5>\n<strong>Art und Umfang der Verarbeitung<\/strong>\n\nWir haben auf unserer Website Komponenten von Facebook Plugin integriert. Facebook Plugin ist ein Dienst der Meta Platforms Ireland Limited und bietet uns die M\u00f6glichkeit, Inhalte der Social Media Plattform zu aggregieren und auf unserer Website darzustellen.\n\nWenn Sie auf diese Inhalte zugreifen, stellen Sie eine Verbindung zu Servern der Meta Platforms Ireland Limited, 4 Grand Canal Square, Grand Canal Harbour, Dublin 2, Ireland her, wobei Ihre IP-Adresse und ggf. Browserdaten wie Ihr User-Agent \u00fcbermittelt werden. Diese Daten werden ausschlie\u00dflich zu den oben genannten Zwecken und zur Aufrechterhaltung der Sicherheit und Funktionalit\u00e4t von Facebook Plugin verarbeitet.\n\nWenn ein Nutzer bei Meta Platforms Ireland Limited registriert ist, kann Facebook Plugin die angesehenen Inhalte dem Profil zuordnen.\n\n<strong>Zweck und Rechtsgrundlage<\/strong>\n\nDie Nutzung des Dienstes erfolgt auf Grundlage unserer berechtigten Interessen, d.h. Interesse an einer plattformunabh\u00e4ngigen Bereitstellung von Inhalten gem\u00e4\u00df Art. 6 Abs. 1 lit. f. DSGVO.\n\n<strong>Speicherdauer<\/strong>\n\nDie konkrete Speicherdauer der verarbeiteten Daten ist nicht durch uns beeinflussbar, sondern wird von Meta Platforms Ireland Limited bestimmt. Weitere Hinweise finden Sie in der Datenschutzerkl\u00e4rung f\u00fcr Facebook Plugin: https:\/\/www.facebook.com\/policy.php.\n<h5>Font Awesome CDN<\/h5>\n<strong>Art und Umfang der Verarbeitung<\/strong>\n\nWir verwenden zur ordnungsgem\u00e4\u00dfen Bereitstellung der Inhalte unserer Website Font Awesome CDN. Font Awesome CDN ist ein Dienst der Fonticons, Inc., welcher auf unserer Website als Content Delivery Network (CDN) fungiert.\n\nEin CDN tr\u00e4gt dazu bei, Inhalte unseres Onlineangebotes, insbesondere Dateien wie Grafiken oder Skripte, mit Hilfe regional oder international verteilter Server schneller bereitzustellen. Wenn Sie auf diese Inhalte zugreifen, stellen Sie eine Verbindung zu Servern der Fonticons, Inc., Fonticons, Inc.,6 Porter Road Apartment 3R, Cambridge, MA 02140, USA her, wobei Ihre IP-Adresse und ggf. Browserdaten wie Ihr User-Agent \u00fcbermittelt werden. Diese Daten werden ausschlie\u00dflich zu den oben genannten Zwecken und zur Aufrechterhaltung der Sicherheit und Funktionalit\u00e4t von Font Awesome CDN verarbeitet.\n\n<strong>Zweck und Rechtsgrundlage<\/strong>\n\nDie Nutzung des Content Delivery Networks erfolgt auf Grundlage unserer berechtigten Interessen, d.h. Interesse an einer sicheren und effizienten Bereitstellung sowie der Optimierung unseres Onlineangebotes gem\u00e4\u00df Art. 6 Abs. 1 lit. f. DSGVO.\n\n<strong>Speicherdauer<\/strong>\n\nDie konkrete Speicherdauer der verarbeiteten Daten ist nicht durch uns beeinflussbar, sondern wird von Fonticons, Inc. bestimmt. Weitere Hinweise finden Sie in der Datenschutzerkl\u00e4rung f\u00fcr Font Awesome CDN: https:\/\/cdn.fontawesome.com\/privacy.\n<h5>Google Analytics<\/h5>\n<strong>Art und Umfang der Verarbeitung<\/strong>\n\nWir verwenden Google Analytics von Google Ireland Limited, Gordon House, Barrow Street, Dublin 4, Irland, als Analysedienst zur statistischen Auswertung unseres Onlineangebotes. Diese umfasst beispielsweise die Anzahl der Aufrufe unseres Onlineangebotes, besuchte Unterseiten und die Verweildauer von Besuchern.\n\nGoogle Analytics nutzt Cookies und weitere Browser-Technologien, um Nutzerverhalten auszuwerten und Nutzer wiederzuerkennen.\n\nDiese Informationen werden unter anderem genutzt, um Berichte \u00fcber die Aktivit\u00e4t der Website zusammenzustellen.\n\n<strong>Zweck und Rechtsgrundlage<\/strong>\n\nWir verarbeiten Daten mit Hilfe von Google Analytics zum Zweck der Optimierung unserer Website und f\u00fcr Marketingzwecke auf Grundlage Ihrer Einwilligung gem. Art. 6 Abs. 1 lit. a. DSGVO.\n\n<strong>Speicherdauer<\/strong>\n\nDie konkrete Speicherdauer der verarbeiteten Daten ist nicht durch uns beeinflussbar, sondern wird von Google Ireland Limited bestimmt. Weitere Hinweise finden Sie in der Datenschutzerkl\u00e4rung f\u00fcr Google Analytics: https:\/\/policies.google.com\/privacy.\n<h5>Google Tag Manager<\/h5>\n<strong>Art und Umfang der Verarbeitung<\/strong>\n\nWir nutzen den Google Tag Manager der Google Ireland Limited, Gordon House, Barrow Street, Dublin 4, Irland. Google Tag Manager wird verwendet, um Website-Tags \u00fcber eine Oberfl\u00e4che zu verwalten und erm\u00f6glicht es uns, die genaue Integration von Diensten auf unserer Website zu steuern\n\nDies gestattet uns zus\u00e4tzliche Dienste flexibel zu integrieren, um den Zugriff der Benutzer auf unsere Website auszuwerten.\n\n<strong>Zweck und Rechtsgrundlage<\/strong>\n\nDie Nutzung von Google Tag Manager erfolgt auf Grundlage unserer berechtigten Interessen, d.h. Interesse an der Optimierung unserer Dienste gem\u00e4\u00df Art. 6 Abs. 1 lit. f. DSGVO.\n\n<strong>Speicherdauer<\/strong>\n\nDie konkrete Speicherdauer der verarbeiteten Daten ist nicht durch uns beeinflussbar, sondern wird von Google Ireland Limited bestimmt. Weitere Hinweise finden Sie in der Datenschutzerkl\u00e4rung f\u00fcr Google Tag Manager: https:\/\/marketingplatform.google.com\/about\/analytics\/tag-manager\/use-policy\/.\n<h5>LinkedIn Ads<\/h5>\n<strong>Art und Umfang der Verarbeitung<\/strong>\n\nWir haben auf unserer Website LinkedIn Ads integriert. LinkedIn Ads ist ein Dienst von LinkedIn Corporation, der Nutzern zielgerichtet Werbung anzeigt. LinkedIn Ads nutzt Cookies und weitere Browser-Technologien um Nutzerverhalten auszuwerten und Nutzer wiederzuerkennen. LinkedIn Ads sammelt Informationen \u00fcber das Besucherverhalten auf verschiedenen Websites. Diese Informationen werden verwendet, um die Relevanz der Werbung zu optimieren. Des Weiteren liefert LinkedIn Ads gezielte Werbung auf der Grundlage von Verhaltensprofilen und geografischer Lage. Dem Anbieter werden Ihre IP-Adresse und weitere Identifikationsmerkmale wie Ihr User-Agent \u00fcbermittelt. Die Weitergabe Ihrer Daten erfolgt in diesem Fall an den Betreiber von LinkedIn Ads, die LinkedIn Corporation, Sunnyvale, California, US.\n\nEs werden Web-Tracking-Technologien verwendet, um pseudonymisierte Userprofile zu erstellen. Diese Profile lassen sich nicht mit Ihnen als nat\u00fcrliche Person zusammenf\u00fchren, sondern dienen zum Beispiel der Segmentierung beim Anzeigen von Werbeanzeigen.\n\n<strong>Zweck und Rechtsgrundlage<\/strong>\n\nWir verarbeiten Daten mit Hilfe von LinkedIn Ads zum Zweck der Optimierung unserer Werbekampagnen und f\u00fcr Marketingzwecke auf Grundlage Ihrer Einwilligung gem. Art. 6 Abs. 1 lit. a. DSGVO.\n\n<strong>Speicherdauer<\/strong>\n\nDie konkrete Speicherdauer der verarbeiteten Daten ist nicht durch uns beeinflussbar, sondern wird von LinkedIn Corporation bestimmt. Weitere Hinweise finden Sie in der Datenschutzerkl\u00e4rung f\u00fcr LinkedIn Ads: https:\/\/www.linkedin.com\/legal\/privacy-policy?trk=homepage-basic_footer-privacy-policy.\n<h5>LinkedIn Insight-Tag<\/h5>\n<strong>Art und Umfang der Verarbeitung<\/strong>\n\nWir verwenden LinkedIn Insight-Tag von LinkedIn Corporation, Sunnyvale, California, US, um Zielgruppen zu erstellen, Besuchergruppen unseres Onlineangebotes zu segmentieren, Conversion-Rates zu ermitteln und diese anschlie\u00dfend zu optimieren. Dies geschieht insbesondere dann, wenn Sie mit Werbeanzeigen, die wir mit LinkedIn Corporation geschaltet haben, interagieren. Dazu bietet LinkedIn Corporation ein Retargeting f\u00fcr Website-Besucher an, um zielgerichtete Werbung au\u00dferhalb unserer Website anzuzeigen.\n\nLinkedIn Insight-Tag erfasst Daten zu den Besuchen auf unserer Website, einschlie\u00dflich URL, Referrer-URL, IP-Adresse, Ger\u00e4te- und Browsereigenschaften (User Agent) sowie Zeitstempel. Diese Daten werden benutzt um anonymisierte Berichte \u00fcber die Webseiten-Zielgruppe und die Anzeigen-Performance darzustellen.\n\n<strong>Zweck und Rechtsgrundlage<\/strong>\n\nWir verarbeiten Ihre Daten mit Hilfe von LinkedIn Insight-Tag zum Zweck der Optimierung unserer Website und f\u00fcr Marketingzwecke auf Grundlage Ihrer Einwilligung gem. Art. 6 Abs. 1 lit. a. DSGVO.\n\n<strong>Speicherdauer<\/strong>\n\nDie konkrete Speicherdauer der verarbeiteten Daten ist nicht durch uns beeinflussbar, sondern wird von LinkedIn Corporation bestimmt. Weitere Hinweise finden Sie in der Datenschutzerkl\u00e4rung f\u00fcr LinkedIn Insight-Tag: https:\/\/www.linkedin.com\/legal\/privacy-policy.\n<h5><b>Terminbuchungstool eTermin<\/b><\/h5>\n<p class=\"MsoNormal\">Sie haben die M\u00f6glichkeit, das Terminbuchungstool eTermin, das von einem externen Anbieter gesteuert wird, zu nutzen. eTermin ist ein kommerzielles Angebot der eTermin GmbH, vertreten durch den Gesch\u00e4ftsf\u00fchrer Robert Zeh, M\u00e4ttivor 3, 6430 Schwyz, Schweiz.<\/p>\n<p class=\"MsoNormal\">Der Terminplaner l\u00e4uft \u00fcber eine SSL-Verschl\u00fcsselung. Damit werden Ihre pers\u00f6nlichen Daten verschl\u00fcsselt und w\u00e4hrend der \u00dcbertragung sicher \u00fcber das Internet \u00fcbertragen. Die erhobenen Daten werden nur zum Zwecke der Terminvereinbarung gespeichert.<\/p>\n<p class=\"MsoNormal\">Folgende Daten werden abgefragt, wobei die mit *gekennzeichneten Angaben Pflichtangaben sind:<\/p>\n<p class=\"MsoNormal\"><span style=\"color: var( --e-global-color-secondary ); text-indent: -18pt; background-color: var( --e-global-color-accent ); font-family: Symbol;\">\u00b7<span style=\"font-variant-numeric: normal; font-variant-east-asian: normal; font-stretch: normal; font-size: 7pt; line-height: normal; font-family: 'Times New Roman';\">\u00a0\u00a0\u00a0\u00a0\u00a0\u00a0\u00a0\u00a0 <\/span><\/span><span style=\"color: var( --e-global-color-secondary ); text-indent: -18pt; background-color: var( --e-global-color-accent );\">Anrede<\/span><\/p>\n<p class=\"MsoNormal\"><span style=\"color: var( --e-global-color-secondary ); text-indent: -18pt; background-color: var( --e-global-color-accent ); font-family: Symbol;\">\u00b7<span style=\"font-variant-numeric: normal; font-variant-east-asian: normal; font-stretch: normal; font-size: 7pt; line-height: normal; font-family: 'Times New Roman';\">\u00a0\u00a0\u00a0\u00a0\u00a0\u00a0\u00a0\u00a0 <\/span><\/span><span style=\"color: var( --e-global-color-secondary ); text-indent: -18pt; background-color: var( --e-global-color-accent );\">Titel<\/span><\/p>\n<p class=\"MsoNormal\"><span style=\"color: var( --e-global-color-secondary ); text-indent: -18pt; background-color: var( --e-global-color-accent ); font-family: Symbol;\">\u00b7<span style=\"font-variant-numeric: normal; font-variant-east-asian: normal; font-stretch: normal; font-size: 7pt; line-height: normal; font-family: 'Times New Roman';\">\u00a0\u00a0\u00a0\u00a0\u00a0\u00a0\u00a0\u00a0 <\/span><\/span><span style=\"color: var( --e-global-color-secondary ); text-indent: -18pt; background-color: var( --e-global-color-accent );\">Vorname*<\/span><\/p>\n<p class=\"MsoNormal\"><span style=\"color: var( --e-global-color-secondary ); text-indent: -18pt; background-color: var( --e-global-color-accent ); font-family: Symbol;\">\u00b7<span style=\"font-variant-numeric: normal; font-variant-east-asian: normal; font-stretch: normal; font-size: 7pt; line-height: normal; font-family: 'Times New Roman';\">\u00a0\u00a0\u00a0\u00a0\u00a0\u00a0\u00a0\u00a0 <\/span><\/span><span style=\"color: var( --e-global-color-secondary ); text-indent: -18pt; background-color: var( --e-global-color-accent );\">Nachname*<\/span><\/p>\n<p class=\"MsoNormal\"><span style=\"color: var( --e-global-color-secondary ); text-indent: -18pt; background-color: var( --e-global-color-accent ); font-family: Symbol;\">\u00b7<span style=\"font-variant-numeric: normal; font-variant-east-asian: normal; font-stretch: normal; font-size: 7pt; line-height: normal; font-family: 'Times New Roman';\">\u00a0\u00a0\u00a0\u00a0\u00a0\u00a0\u00a0\u00a0 <\/span><\/span><span style=\"color: var( --e-global-color-secondary ); text-indent: -18pt; background-color: var( --e-global-color-accent );\">E-Mail-Adresse*<\/span><\/p>\n<p class=\"MsoNormal\"><span style=\"color: var( --e-global-color-secondary ); text-indent: -18pt; background-color: var( --e-global-color-accent ); font-family: Symbol;\">\u00b7<span style=\"font-variant-numeric: normal; font-variant-east-asian: normal; font-stretch: normal; font-size: 7pt; line-height: normal; font-family: 'Times New Roman';\">\u00a0\u00a0\u00a0\u00a0\u00a0\u00a0\u00a0\u00a0 <\/span><\/span><span style=\"color: var( --e-global-color-secondary ); text-indent: -18pt; background-color: var( --e-global-color-accent );\">Telefonnummer*<\/span><\/p>\n<p class=\"MsoNormal\"><span style=\"color: var( --e-global-color-secondary ); text-indent: -18pt; background-color: var( --e-global-color-accent ); font-family: Symbol;\">\u00b7<span style=\"font-variant-numeric: normal; font-variant-east-asian: normal; font-stretch: normal; font-size: 7pt; line-height: normal; font-family: 'Times New Roman';\">\u00a0\u00a0\u00a0\u00a0\u00a0\u00a0\u00a0\u00a0 <\/span><\/span><span style=\"color: var( --e-global-color-secondary ); text-indent: -18pt; background-color: var( --e-global-color-accent );\">Bemerkung<\/span><\/p>\n<p class=\"MsoNormal\"><span style=\"color: var( --e-global-color-secondary ); text-indent: -18pt; background-color: var( --e-global-color-accent ); font-family: Symbol;\">\u00b7<span style=\"font-variant-numeric: normal; font-variant-east-asian: normal; font-stretch: normal; font-size: 7pt; line-height: normal; font-family: 'Times New Roman';\">\u00a0\u00a0\u00a0\u00a0\u00a0\u00a0\u00a0\u00a0 <\/span><\/span><span style=\"color: var( --e-global-color-secondary ); text-indent: -18pt; background-color: var( --e-global-color-accent );\">Eingaben auf diesem Ger\u00e4t merken: Die eingegebenen Daten werden als Cookie auf dem Ger\u00e4t gespeichert, damit diese bei einer erneuten Buchung nicht nochmals eingegeben werden m\u00fcssen.<\/span><\/p>\n<p class=\"MsoNormal\"><span style=\"color: var( --e-global-color-secondary ); text-indent: -18pt; background-color: var( --e-global-color-accent ); font-family: Symbol;\">\u00b7<span style=\"font-variant-numeric: normal; font-variant-east-asian: normal; font-stretch: normal; font-size: 7pt; line-height: normal; font-family: 'Times New Roman';\">\u00a0\u00a0\u00a0\u00a0\u00a0\u00a0\u00a0\u00a0 <\/span><\/span><span style=\"color: var( --e-global-color-secondary ); text-indent: -18pt; background-color: var( --e-global-color-accent );\">Terminerinnerung (Optionen: keine, 1 Stunde vor Termin, 2 Stunden vor Termin usw.)<\/span><\/p>\n<p class=\"MsoNormal\">Die Beschreibung Ihres Anliegens k\u00f6nnen Sie in einem Freitextfeld angeben. Hierdurch k\u00f6nnen Sie selbst steuern, welche Daten Sie eintragen m\u00f6chten. Geben Sie bitte immer nur die aus Ihrer Sicht absolut notwendigen personenbezogenen Daten an. <b><u>Die Bereitstellung sensibler Daten \u00fcber das Terminbuchungsportal sollte unterbleiben.<\/u><\/b><\/p>\n<p class=\"MsoNormal\">Dar\u00fcber hinaus besteht eine optionale Kalenderfunktion: Sie k\u00f6nnen den gebuchten Termin in Ihren elektronischen Kalender herunterladen (kein automatischer Download, eine aktive Handlung Ihrerseits ist notwendig). Zu diesem Zweck werden Ihre angegebenen Daten in einer Termineinladung zum Download zur Verf\u00fcgung gestellt.<\/p>\n<p class=\"MsoNormal\">Zwischen der Best Place Living GmbH und der eTermin Ltd., Spyrou Kyprianou 22, 3070 Limassol, Zypern als externer Dienstleister besteht ein Auftragsdatenverarbeitungsvertrag. Dies bedeutet, dass die eTermin Ltd. <span style=\"mso-bidi-font-family: Arial; color: #212529;\">von uns schriftlich beauftragt und sorgf\u00e4ltig ausgew\u00e4hlt wurde. Sie ist an unsere Weisungen gebunden und wird von uns regelm\u00e4\u00dfig im Hinblick auf die Einhaltung der datenschutzrechtlichen Erfordernisse kontrolliert<\/span><\/p>\nAlle Systeme, in denen Ihre personenbezogenen Daten gespeichert werden und auf die externe Dienstleister Zugriff haben, sind passwortgesch\u00fctzt und nur denjenigen Personen zug\u00e4nglich, die Ihre Daten zur Bearbeitung der von Ihnen autorisierten Zwecke ben\u00f6tigen. Wir stellen im Rahmen der gesetzlichen Bestimmungen sicher, dass die Daten durch die betreffenden externen Dienstleister in dem hier vereinbarten Sinne verarbeitet, genutzt und an diese \u00fcbermittelt werden.\n<h5>Datenspeicherung und Datenweitergabe<\/h5>\nIhre Daten werden f\u00fcr den Zweck der Terminvergabe von eTermin auf Servern in Frankfurt in Deutschland gespeichert. Die eTermin-Server befinden sich in einem Hochleistungsrechenzentrum, das 24 Stunden am Tag und 7 Tage die Woche sicherheits\u00fcberwacht wird. Eine \u00dcbermittlung Ihrer Daten an Dritte zu Werbezwecken erfolgt nicht.\n\nDie Daten werden gel\u00f6scht, sobald sie f\u00fcr die Erreichung des Zweckes ihrer Erhebung nicht mehr erforderlich sind. F\u00fcr den Zeitraum von zwei Monaten nach dem Stattfinden des Termins werden die Daten zur \u00dcberpr\u00fcfung und Zuordnung Ihrer R\u00fcckfragen und Beschwerden zu Ihrem Termin weiterhin ben\u00f6tigt und zu diesem Zweck so lange auch auf dem obengenannten Server gespeichert.\t\t\t\t\t\t<\/div>\n\t\t\t\t<\/div>\n\t\t\t\t\t<\/div>\n\t\t<\/div>\n\t\t\t\t\t<\/div>\n\t\t<\/section>\n\t\t\t\t<\/div>\n\t\t","protected":false},"excerpt":{"rendered":"<p>DATENSCHUTZ Datenschutzerkl\u00e4rung zu der Verarbeitung von Daten gem\u00e4\u00df Art. 13 EU-Datenschutzgrundverordnung (Stand 01.06.2022) Wir freuen uns, dass Sie unsere Website besuchen. Der Schutz und die Sicherheit Ihrer pers\u00f6nlichen Informationen bei der Nutzung unserer Website ist f\u00fcr uns sehr wichtig. Wir m\u00f6chten Sie daher an dieser Stelle dar\u00fcber informieren, welche Ihrer personenbezogenen Daten wir beim Besuch [&hellip;]<\/p>\n","protected":false},"author":12,"featured_media":0,"parent":0,"menu_order":4,"comment_status":"closed","ping_status":"closed","template":"page-elementor.php","meta":{"_acf_changed":false,"footnotes":""},"class_list":["post-35804","page","type-page","status-publish","hentry"],"acf":[],"yoast_head":"<!-- This site is optimized with the Yoast SEO plugin v23.6 - https:\/\/yoast.com\/wordpress\/plugins\/seo\/ -->\n<title>Datenschutz | BEST PLACE<\/title>\n<meta name=\"robots\" content=\"index, follow, max-snippet:-1, max-image-preview:large, max-video-preview:-1\" \/>\n<link rel=\"canonical\" href=\"https:\/\/www.bestplace-immobilien.de\/pl\/wp-json\/wp\/v2\/pages\/35804\" \/>\n<meta property=\"og:locale\" content=\"pl_PL\" \/>\n<meta property=\"og:type\" content=\"article\" \/>\n<meta property=\"og:title\" content=\"Datenschutz | BEST PLACE\" \/>\n<meta property=\"og:description\" content=\"DATENSCHUTZ Datenschutzerkl\u00e4rung zu der Verarbeitung von Daten gem\u00e4\u00df Art. 13 EU-Datenschutzgrundverordnung (Stand 01.06.2022) Wir freuen uns, dass Sie unsere Website besuchen. Der Schutz und die Sicherheit Ihrer pers\u00f6nlichen Informationen bei der Nutzung unserer Website ist f\u00fcr uns sehr wichtig. Wir m\u00f6chten Sie daher an dieser Stelle dar\u00fcber informieren, welche Ihrer personenbezogenen Daten wir beim Besuch [&hellip;]\" \/>\n<meta property=\"og:url\" content=\"https:\/\/www.bestplace-spanien.com\/pl\/datenschutz\" \/>\n<meta property=\"og:site_name\" content=\"Best Place Immobilien\" \/>\n<meta property=\"article:modified_time\" content=\"2023-11-24T11:14:22+00:00\" \/>\n<meta name=\"twitter:card\" content=\"summary_large_image\" \/>\n<meta name=\"twitter:label1\" content=\"Est. reading time\" \/>\n\t<meta name=\"twitter:data1\" content=\"21 minuty\" \/>\n<script type=\"application\/ld+json\" class=\"yoast-schema-graph\">{\"@context\":\"https:\/\/schema.org\",\"@graph\":[{\"@type\":\"WebPage\",\"@id\":\"https:\/\/www.bestplace-spanien.com\/pl\/datenschutz\",\"url\":\"https:\/\/www.bestplace-spanien.com\/pl\/datenschutz\",\"name\":\"Datenschutz | BEST PLACE\",\"isPartOf\":{\"@id\":\"https:\/\/www.bestplace-spanien.com\/pl#website\"},\"datePublished\":\"2022-04-27T14:23:27+00:00\",\"dateModified\":\"2023-11-24T11:14:22+00:00\",\"breadcrumb\":{\"@id\":\"https:\/\/www.bestplace-spanien.com\/pl\/datenschutz#breadcrumb\"},\"inLanguage\":\"pl-PL\",\"potentialAction\":[{\"@type\":\"ReadAction\",\"target\":[\"https:\/\/www.bestplace-spanien.com\/pl\/datenschutz\"]}]},{\"@type\":\"BreadcrumbList\",\"@id\":\"https:\/\/www.bestplace-spanien.com\/pl\/datenschutz#breadcrumb\",\"itemListElement\":[{\"@type\":\"ListItem\",\"position\":1,\"name\":\"Startseite\",\"item\":\"https:\/\/www.bestplace-spanien.com\/pl\"},{\"@type\":\"ListItem\",\"position\":2,\"name\":\"Datenschutz\"}]},{\"@type\":\"WebSite\",\"@id\":\"https:\/\/www.bestplace-spanien.com\/pl#website\",\"url\":\"https:\/\/www.bestplace-spanien.com\/pl\",\"name\":\"Best Place Immobilien\",\"description\":\"\",\"potentialAction\":[{\"@type\":\"SearchAction\",\"target\":{\"@type\":\"EntryPoint\",\"urlTemplate\":\"https:\/\/www.bestplace-spanien.com\/pl?s={search_term_string}\"},\"query-input\":{\"@type\":\"PropertyValueSpecification\",\"valueRequired\":true,\"valueName\":\"search_term_string\"}}],\"inLanguage\":\"pl-PL\"}]}<\/script>\n<!-- \/ Yoast SEO plugin. -->","yoast_head_json":{"title":"Datenschutz | BEST PLACE","robots":{"index":"index","follow":"follow","max-snippet":"max-snippet:-1","max-image-preview":"max-image-preview:large","max-video-preview":"max-video-preview:-1"},"canonical":"https:\/\/www.bestplace-immobilien.de\/pl\/wp-json\/wp\/v2\/pages\/35804","og_locale":"pl_PL","og_type":"article","og_title":"Datenschutz | BEST PLACE","og_description":"DATENSCHUTZ Datenschutzerkl\u00e4rung zu der Verarbeitung von Daten gem\u00e4\u00df Art. 13 EU-Datenschutzgrundverordnung (Stand 01.06.2022) Wir freuen uns, dass Sie unsere Website besuchen. Der Schutz und die Sicherheit Ihrer pers\u00f6nlichen Informationen bei der Nutzung unserer Website ist f\u00fcr uns sehr wichtig. Wir m\u00f6chten Sie daher an dieser Stelle dar\u00fcber informieren, welche Ihrer personenbezogenen Daten wir beim Besuch [&hellip;]","og_url":"https:\/\/www.bestplace-spanien.com\/pl\/datenschutz","og_site_name":"Best Place Immobilien","article_modified_time":"2023-11-24T11:14:22+00:00","twitter_card":"summary_large_image","twitter_misc":{"Est. reading time":"21 minuty"},"schema":{"@context":"https:\/\/schema.org","@graph":[{"@type":"WebPage","@id":"https:\/\/www.bestplace-spanien.com\/pl\/datenschutz","url":"https:\/\/www.bestplace-spanien.com\/pl\/datenschutz","name":"Datenschutz | BEST PLACE","isPartOf":{"@id":"https:\/\/www.bestplace-spanien.com\/pl#website"},"datePublished":"2022-04-27T14:23:27+00:00","dateModified":"2023-11-24T11:14:22+00:00","breadcrumb":{"@id":"https:\/\/www.bestplace-spanien.com\/pl\/datenschutz#breadcrumb"},"inLanguage":"pl-PL","potentialAction":[{"@type":"ReadAction","target":["https:\/\/www.bestplace-spanien.com\/pl\/datenschutz"]}]},{"@type":"BreadcrumbList","@id":"https:\/\/www.bestplace-spanien.com\/pl\/datenschutz#breadcrumb","itemListElement":[{"@type":"ListItem","position":1,"name":"Startseite","item":"https:\/\/www.bestplace-spanien.com\/pl"},{"@type":"ListItem","position":2,"name":"Datenschutz"}]},{"@type":"WebSite","@id":"https:\/\/www.bestplace-spanien.com\/pl#website","url":"https:\/\/www.bestplace-spanien.com\/pl","name":"Best Place Immobilien","description":"","potentialAction":[{"@type":"SearchAction","target":{"@type":"EntryPoint","urlTemplate":"https:\/\/www.bestplace-spanien.com\/pl?s={search_term_string}"},"query-input":{"@type":"PropertyValueSpecification","valueRequired":true,"valueName":"search_term_string"}}],"inLanguage":"pl-PL"}]}},"_links":{"self":[{"href":"https:\/\/www.bestplace-spanien.com\/pl\/wp-json\/wp\/v2\/pages\/35804"}],"collection":[{"href":"https:\/\/www.bestplace-spanien.com\/pl\/wp-json\/wp\/v2\/pages"}],"about":[{"href":"https:\/\/www.bestplace-spanien.com\/pl\/wp-json\/wp\/v2\/types\/page"}],"author":[{"embeddable":true,"href":"https:\/\/www.bestplace-spanien.com\/pl\/wp-json\/wp\/v2\/users\/12"}],"replies":[{"embeddable":true,"href":"https:\/\/www.bestplace-spanien.com\/pl\/wp-json\/wp\/v2\/comments?post=35804"}],"version-history":[{"count":3,"href":"https:\/\/www.bestplace-spanien.com\/pl\/wp-json\/wp\/v2\/pages\/35804\/revisions"}],"predecessor-version":[{"id":37035,"href":"https:\/\/www.bestplace-spanien.com\/pl\/wp-json\/wp\/v2\/pages\/35804\/revisions\/37035"}],"wp:attachment":[{"href":"https:\/\/www.bestplace-spanien.com\/pl\/wp-json\/wp\/v2\/media?parent=35804"}],"curies":[{"name":"wp","href":"https:\/\/api.w.org\/{rel}","templated":true}]}}